{"id":1964,"date":"2025-01-03T14:07:12","date_gmt":"2025-01-03T11:07:12","guid":{"rendered":"\/home\/u0075110\/public_html\/wp-content\/uploads\/2025\/01\/kontrolden-cikan-otomobil-kanala-uctu-2-yarali_714971419a79.jpg"},"modified":"2025-01-03T14:07:12","modified_gmt":"2025-01-03T11:07:12","slug":"kontrolden-cikan-otomobil-kanala-uctu-2-yarali-3","status":"inherit","type":"attachment","link":"https:\/\/www.egemtv.com\/?attachment_id=1964","title":{"rendered":"Kontrolden \u00e7\u0131kan otomobil, kanala u\u00e7tu: 2 yaral\u0131"},"author":1,"featured_media":0,"comment_status":"open","ping_status":"closed","template":"","meta":{"_crdt_document":""},"class_list":["post-1964","attachment","type-attachment","status-inherit","hentry"],"filename":"kontrolden-cikan-otomobil-kanala-uctu-2-yarali_714971419a79.jpg","filesize":244297,"description":{"rendered":"<p class=\"attachment\"><a href='https:\/\/www.egemtv.com\/wp-content\/uploads\/2025\/01\/kontrolden-cikan-otomobil-kanala-uctu-2-yarali_714971419a79.jpg'><img fetchpriority=\"high\" decoding=\"async\" width=\"169\" height=\"300\" src=\"https:\/\/www.egemtv.com\/wp-content\/uploads\/2025\/01\/kontrolden-cikan-otomobil-kanala-uctu-2-yarali_714971419a79-169x300.jpg\" class=\"attachment-medium size-medium not-transparent\" alt=\"\" srcset=\"https:\/\/www.egemtv.com\/wp-content\/uploads\/2025\/01\/kontrolden-cikan-otomobil-kanala-uctu-2-yarali_714971419a79-169x300.jpg 169w, https:\/\/www.egemtv.com\/wp-content\/uploads\/2025\/01\/kontrolden-cikan-otomobil-kanala-uctu-2-yarali_714971419a79-337x600.jpg 337w, https:\/\/www.egemtv.com\/wp-content\/uploads\/2025\/01\/kontrolden-cikan-otomobil-kanala-uctu-2-yarali_714971419a79-768x1366.jpg 768w, https:\/\/www.egemtv.com\/wp-content\/uploads\/2025\/01\/kontrolden-cikan-otomobil-kanala-uctu-2-yarali_714971419a79-864x1536.jpg 864w, https:\/\/www.egemtv.com\/wp-content\/uploads\/2025\/01\/kontrolden-cikan-otomobil-kanala-uctu-2-yarali_714971419a79.jpg 899w\" sizes=\"(max-width: 169px) 100vw, 169px\" data-has-transparency=\"false\" data-dominant-color=\"50504c\" style=\"--dominant-color: #50504c;\" \/><\/a><\/p>\n<p>AYDIN&#8217;IN S\u00d6KE \u0130L\u00c7ES\u0130NDE B\u0130R OTOMOB\u0130L\u0130N KURUTMA KANALINA U\u00c7MASI SONUCU MEYDANA GELEN KAZA SONRASINDA OTOMOB\u0130LDE SIKI\u015eAN S\u00dcR\u00dcC\u00dc VE YOLCUNUN \u0130MDADINA \u0130TFA\u0130YE EK\u0130PLER\u0130 YET\u0130\u015eT\u0130.<\/p>\n"},"caption":{"rendered":"<p>AYDIN&#8217;IN S\u00d6KE \u0130L\u00c7ES\u0130NDE B\u0130R OTOMOB\u0130L\u0130N KURUTMA KANALINA U\u00c7MASI SONUCU MEYDANA GELEN KAZA SONRASINDA OTOMOB\u0130LDE SIKI\u015eAN S\u00dcR\u00dcC\u00dc VE YOLCUNUN \u0130MDADINA \u0130TFA\u0130YE EK\u0130PLER\u0130 YET\u0130\u015eT\u0130.<\/p>\n"},"alt_text":"","media_type":"image","mime_type":"image\/jpeg","media_details":{"width":899,"height":1599,"file":"2025\/01\/kontrolden-cikan-otomobil-kanala-uctu-2-yarali_714971419a79.jpg","filesize":244297,"sizes":{"medium":{"file":"kontrolden-cikan-otomobil-kanala-uctu-2-yarali_714971419a79-169x300.jpg","width":169,"height":300,"filesize":19590,"mime_type":"image\/jpeg","source_url":"https:\/\/www.egemtv.com\/wp-content\/uploads\/2025\/01\/kontrolden-cikan-otomobil-kanala-uctu-2-yarali_714971419a79-169x300.jpg"},"large":{"file":"kontrolden-cikan-otomobil-kanala-uctu-2-yarali_714971419a79-337x600.jpg","width":337,"height":600,"filesize":54287,"mime_type":"image\/jpeg","source_url":"https:\/\/www.egemtv.com\/wp-content\/uploads\/2025\/01\/kontrolden-cikan-otomobil-kanala-uctu-2-yarali_714971419a79-337x600.jpg"},"thumbnail":{"file":"kontrolden-cikan-otomobil-kanala-uctu-2-yarali_714971419a79-150x150.jpg","width":150,"height":150,"filesize":12346,"mime_type":"image\/jpeg","source_url":"https:\/\/www.egemtv.com\/wp-content\/uploads\/2025\/01\/kontrolden-cikan-otomobil-kanala-uctu-2-yarali_714971419a79-150x150.jpg"},"medium_large":{"file":"kontrolden-cikan-otomobil-kanala-uctu-2-yarali_714971419a79-768x1366.jpg","width":768,"height":1366,"filesize":198150,"mime_type":"image\/jpeg","source_url":"https:\/\/www.egemtv.com\/wp-content\/uploads\/2025\/01\/kontrolden-cikan-otomobil-kanala-uctu-2-yarali_714971419a79-768x1366.jpg"},"1536x1536":{"file":"kontrolden-cikan-otomobil-kanala-uctu-2-yarali_714971419a79-864x1536.jpg","width":864,"height":1536,"filesize":237123,"mime_type":"image\/jpeg","source_url":"https:\/\/www.egemtv.com\/wp-content\/uploads\/2025\/01\/kontrolden-cikan-otomobil-kanala-uctu-2-yarali_714971419a79-864x1536.jpg"},"newsmatic-featured":{"file":"kontrolden-cikan-otomobil-kanala-uctu-2-yarali_714971419a79-820x545.jpg","width":820,"height":545,"filesize":99325,"mime_type":"image\/jpeg","source_url":"https:\/\/www.egemtv.com\/wp-content\/uploads\/2025\/01\/kontrolden-cikan-otomobil-kanala-uctu-2-yarali_714971419a79-820x545.jpg"},"newsmatic-list":{"file":"kontrolden-cikan-otomobil-kanala-uctu-2-yarali_714971419a79-600x400.jpg","width":600,"height":400,"filesize":61588,"mime_type":"image\/jpeg","source_url":"https:\/\/www.egemtv.com\/wp-content\/uploads\/2025\/01\/kontrolden-cikan-otomobil-kanala-uctu-2-yarali_714971419a79-600x400.jpg"},"newsmatic-thumb":{"file":"kontrolden-cikan-otomobil-kanala-uctu-2-yarali_714971419a79-300x200.jpg","width":300,"height":200,"filesize":22664,"mime_type":"image\/jpeg","source_url":"https:\/\/www.egemtv.com\/wp-content\/uploads\/2025\/01\/kontrolden-cikan-otomobil-kanala-uctu-2-yarali_714971419a79-300x200.jpg"},"newsmatic-small":{"file":"kontrolden-cikan-otomobil-kanala-uctu-2-yarali_714971419a79-150x95.jpg","width":150,"height":95,"filesize":9805,"mime_type":"image\/jpeg","source_url":"https:\/\/www.egemtv.com\/wp-content\/uploads\/2025\/01\/kontrolden-cikan-otomobil-kanala-uctu-2-yarali_714971419a79-150x95.jpg"},"newsmatic-grid":{"file":"kontrolden-cikan-otomobil-kanala-uctu-2-yarali_714971419a79-400x250.jpg","width":400,"height":250,"filesize":32145,"mime_type":"image\/jpeg","source_url":"https:\/\/www.egemtv.com\/wp-content\/uploads\/2025\/01\/kontrolden-cikan-otomobil-kanala-uctu-2-yarali_714971419a79-400x250.jpg"},"full":{"file":"kontrolden-cikan-otomobil-kanala-uctu-2-yarali_714971419a79.jpg","width":899,"height":1599,"mime_type":"image\/jpeg","source_url":"https:\/\/www.egemtv.com\/wp-content\/uploads\/2025\/01\/kontrolden-cikan-otomobil-kanala-uctu-2-yarali_714971419a79.jpg"}},"image_meta":{"aperture":"0","credit":"IHA","camera":"","caption":"AYDIN'IN S\u00d6KE \u0130L\u00c7ES\u0130NDE B\u0130R OTOMOB\u0130L\u0130N KURUTMA KANALINA U\u00c7MASI SONUCU MEYDANA GELEN KAZA SONRASINDA OTOMOB\u0130LDE SIKI\u015eAN S\u00dcR\u00dcC\u00dc VE YOLCUNUN \u0130MDADINA \u0130TFA\u0130YE EK\u0130PLER\u0130 YET\u0130\u015eT\u0130. (ONUR DURMU\u015e\/AYDIN-\u0130HA)","created_timestamp":"1735935660","copyright":"\u0130HLAS HABER AJANSI, www.iha.com.tr","focal_length":"0","iso":"0","shutter_speed":"0","title":"KONTROLDEN \u00c7IKAN OTOMOB\u0130L, KANALA U\u00c7TU: 2 YARALI ARA\u00c7TA SIKI\u015eAN YARALILARIN \u0130MDADINA \u0130TFA\u0130YE YET\u0130\u015eT\u0130","orientation":"0","keywords":["AYDININ S\u00d6KE \u0130L\u00c7ES\u0130NDE B\u0130R OTOMOB\u0130L\u0130N KURUTMA KANALINA U\u00c7MASI SONUCU MEYDANA GELEN KAZA SONRASINDA OTOMOB\u0130LDE SIKI\u015eAN S\u00dcR\u00dcC\u00dc VE YOLCUNUN \u0130MDADINA \u0130TFA\u0130YE EK\u0130PLER\u0130 YET\u0130\u015eT\u0130. (ONUR DURMU\u015e\/AYDIN-\u0130HA)"]},"dominant_color":"50504c","has_transparency":false},"post":1856,"source_url":"https:\/\/www.egemtv.com\/wp-content\/uploads\/2025\/01\/kontrolden-cikan-otomobil-kanala-uctu-2-yarali_714971419a79.jpg","_links":{"self":[{"href":"https:\/\/www.egemtv.com\/index.php?rest_route=\/wp\/v2\/media\/1964","targetHints":{"allow":["GET"]}}],"collection":[{"href":"https:\/\/www.egemtv.com\/index.php?rest_route=\/wp\/v2\/media"}],"about":[{"href":"https:\/\/www.egemtv.com\/index.php?rest_route=\/wp\/v2\/types\/attachment"}],"author":[{"embeddable":true,"href":"https:\/\/www.egemtv.com\/index.php?rest_route=\/wp\/v2\/users\/1"}],"replies":[{"embeddable":true,"href":"https:\/\/www.egemtv.com\/index.php?rest_route=%2Fwp%2Fv2%2Fcomments&post=1964"}],"wp:attached-to":[{"embeddable":true,"post_type":"post","id":1856,"href":"https:\/\/www.egemtv.com\/index.php?rest_route=\/wp\/v2\/posts\/1856"}],"curies":[{"name":"wp","href":"https:\/\/api.w.org\/{rel}","templated":true}]}}